{"id":143,"date":"2022-10-02T14:47:04","date_gmt":"2022-10-02T12:47:04","guid":{"rendered":"https:\/\/prokino.fr\/?page_id=143"},"modified":"2023-09-19T13:50:39","modified_gmt":"2023-09-19T11:50:39","slug":"lequipe","status":"publish","type":"page","link":"https:\/\/prokino.fr\/?page_id=143","title":{"rendered":"L&#8217;\u00e9quipe"},"content":{"rendered":"\n<div class=\"inherit-container-width wp-block-group is-layout-constrained wp-block-group-is-layout-constrained\"><div class=\"wp-block-group__inner-container\">\n<h4 class=\"wp-block-heading\">Pr\u00e9sident fondateur: Jacques Burlaud<\/h4>\n\n\n\n<p><\/p>\n\n\n\n<div class=\"wp-block-columns is-layout-flex wp-container-core-columns-is-layout-28f84493 wp-block-columns-is-layout-flex\">\n<div class=\"wp-block-column is-layout-flow wp-block-column-is-layout-flow\" style=\"flex-basis:33.33%\">\n<figure class=\"wp-block-image size-large\"><img loading=\"lazy\" decoding=\"async\" width=\"1024\" height=\"733\" src=\"https:\/\/prokino.fr\/wp-content\/uploads\/2022\/11\/146.-jacques-nathalie-1024x733.jpg\" alt=\"\" class=\"wp-image-201\" srcset=\"https:\/\/prokino.fr\/wp-content\/uploads\/2022\/11\/146.-jacques-nathalie-1024x733.jpg 1024w, https:\/\/prokino.fr\/wp-content\/uploads\/2022\/11\/146.-jacques-nathalie-300x215.jpg 300w, https:\/\/prokino.fr\/wp-content\/uploads\/2022\/11\/146.-jacques-nathalie-768x550.jpg 768w, https:\/\/prokino.fr\/wp-content\/uploads\/2022\/11\/146.-jacques-nathalie.jpg 1392w\" sizes=\"auto, (max-width: 1024px) 100vw, 1024px\" \/><\/figure>\n<\/div>\n\n\n\n<div class=\"wp-block-column is-layout-flow wp-block-column-is-layout-flow\" style=\"flex-basis:66.66%\"><\/div>\n<\/div>\n<\/div><\/div>\n\n\n\n<div class=\"inherit-container-width wp-block-group is-layout-constrained wp-block-group-is-layout-constrained\"><div class=\"wp-block-group__inner-container\">\n<h4 class=\"wp-block-heading\">Pr\u00e9sidente: Nathalie Burlaud-Gautier<\/h4>\n\n\n\n<p><\/p>\n\n\n\n<div class=\"wp-block-columns is-layout-flex wp-container-core-columns-is-layout-28f84493 wp-block-columns-is-layout-flex\">\n<div class=\"wp-block-column is-layout-flow wp-block-column-is-layout-flow\" style=\"flex-basis:33.33%\">\n<figure class=\"wp-block-image size-large\"><img loading=\"lazy\" decoding=\"async\" width=\"768\" height=\"1024\" src=\"http:\/\/prokino.fr\/wp-content\/uploads\/2022\/11\/Natha-768x1024.jpg\" alt=\"\" class=\"wp-image-194\" srcset=\"https:\/\/prokino.fr\/wp-content\/uploads\/2022\/11\/Natha-768x1024.jpg 768w, https:\/\/prokino.fr\/wp-content\/uploads\/2022\/11\/Natha-225x300.jpg 225w, https:\/\/prokino.fr\/wp-content\/uploads\/2022\/11\/Natha-1152x1536.jpg 1152w, https:\/\/prokino.fr\/wp-content\/uploads\/2022\/11\/Natha-1536x2048.jpg 1536w, https:\/\/prokino.fr\/wp-content\/uploads\/2022\/11\/Natha-scaled.jpg 1920w\" sizes=\"auto, (max-width: 768px) 100vw, 768px\" \/><\/figure>\n<\/div>\n\n\n\n<div class=\"wp-block-column is-layout-flow wp-block-column-is-layout-flow\" style=\"flex-basis:66.66%\">\n<p><em zn_id=\"99\">Apr\u00e8s avoir port\u00e9 pendant pr\u00e8s de trente ans le projet de Prokino, \u00ab&nbsp;sans Coca<\/em><em> <\/em><em zn_id=\"99\">Cola d\u00e9voreur de cerveaux, sans pop corns \u00e0 d\u00e9vorer en s\u00e9ance, sans c\u00e9der aux sir\u00e8nes d\u00e9voreuses de salles ou de villes voisines qui draguaient l\u2019aventure, sans renoncer \u00e0 l\u2019exigence extr\u00eame de la qualit\u00e9, sans n\u00e9gliger jamais la convivialit\u00e9 m\u00eame lorsqu\u2019elle pesait lourdement sur les budgets\u2026&nbsp;\u00bb, le pr\u00e9sident fondateur, Jacques Burlaud, et la petit \u00e9quipe, m\u2019ont confi\u00e9 la Pr\u00e9sidence de PROKINO.<br>A leur c\u00f4t\u00e9, j\u2019ai engrang\u00e9 des rencontres merveilleuses qui perdurent \u00e9videmment, des \u00e9motions tr\u00e8s fortes dont les traces restent vives, des moments de bonheur et quelques tracas aussi, bien douloureux parfois.<br>J\u2019y besogne depuis plus de trente ans dans les quelques domaines dans lesquels je sais faire un peu quelque chose, comme la programmation et les relations avec bien s\u00fbr les enseignants, mais aussi le monde de la cr\u00e9ation, de la production et de la distribution cin\u00e9matographique.<\/em><\/p>\n<\/div>\n<\/div>\n<\/div><\/div>\n\n\n\n<div class=\"inherit-container-width wp-block-group is-layout-constrained wp-block-group-is-layout-constrained\"><div class=\"wp-block-group__inner-container\">\n<h4 class=\"wp-block-heading\">Tr\u00e9sori\u00e8re: P<strong>aulette Coulon-Heudier<\/strong><\/h4>\n\n\n\n<p><\/p>\n\n\n\n<div class=\"wp-block-columns is-layout-flex wp-container-core-columns-is-layout-28f84493 wp-block-columns-is-layout-flex\">\n<div class=\"wp-block-column is-vertically-aligned-center is-layout-flow wp-block-column-is-layout-flow\" style=\"flex-basis:33.33%\">\n<figure class=\"wp-block-image size-full\"><img loading=\"lazy\" decoding=\"async\" width=\"480\" height=\"549\" src=\"http:\/\/prokino.fr\/wp-content\/uploads\/2022\/11\/Paulette.jpg\" alt=\"\" class=\"wp-image-196\" srcset=\"https:\/\/prokino.fr\/wp-content\/uploads\/2022\/11\/Paulette.jpg 480w, https:\/\/prokino.fr\/wp-content\/uploads\/2022\/11\/Paulette-262x300.jpg 262w\" sizes=\"auto, (max-width: 480px) 100vw, 480px\" \/><\/figure>\n<\/div>\n\n\n\n<div class=\"wp-block-column is-layout-flow wp-block-column-is-layout-flow\" style=\"flex-basis:66.66%\">\n<p><\/p>\n\n\n\n<p><em>Je fais partie de Prokino depuis sa fondation en 1989 par Jacques Burlaud.&nbsp;<br>Son id\u00e9e de faire conna\u00eetre la langue et la culture allemandes \u00e0 travers le cin\u00e9ma m\u2019a tout de suite int\u00e9ress\u00e9e. Je suis la tr\u00e9sori\u00e8re de l\u2019association , mais j\u2019aide aussi \u00e0 la programmation, \u00e0 la diffusion du mat\u00e9riel de communication, \u00e0 l\u2019accueil des publics, \u00e0 l\u2019organisation des buffets de fin de soir\u00e9e\u2026 le travail est dense, mais passionnant.<\/em><\/p>\n<\/div>\n<\/div>\n<\/div><\/div>\n\n\n\n<div class=\"inherit-container-width wp-block-group is-layout-constrained wp-block-group-is-layout-constrained\"><div class=\"wp-block-group__inner-container\">\n<h4 class=\"wp-block-heading\">Secr\u00e9taire: Colette<strong zn_id=\"42\"> Cheval<\/strong><strong>l<\/strong><strong zn_id=\"42\">ier<\/strong><\/h4>\n\n\n\n<p><\/p>\n\n\n\n<div class=\"wp-block-columns is-layout-flex wp-container-core-columns-is-layout-28f84493 wp-block-columns-is-layout-flex\">\n<div class=\"wp-block-column is-layout-flow wp-block-column-is-layout-flow\" style=\"flex-basis:33.33%\">\n<figure class=\"wp-block-image size-large wp-duotone-unset-1\"><img loading=\"lazy\" decoding=\"async\" width=\"723\" height=\"1024\" src=\"https:\/\/prokino.fr\/wp-content\/uploads\/2022\/11\/Colette-723x1024.jpg\" alt=\"\" class=\"wp-image-197\" srcset=\"https:\/\/prokino.fr\/wp-content\/uploads\/2022\/11\/Colette-723x1024.jpg 723w, https:\/\/prokino.fr\/wp-content\/uploads\/2022\/11\/Colette-212x300.jpg 212w, https:\/\/prokino.fr\/wp-content\/uploads\/2022\/11\/Colette-768x1088.jpg 768w, https:\/\/prokino.fr\/wp-content\/uploads\/2022\/11\/Colette-1085x1536.jpg 1085w, https:\/\/prokino.fr\/wp-content\/uploads\/2022\/11\/Colette-1446x2048.jpg 1446w, https:\/\/prokino.fr\/wp-content\/uploads\/2022\/11\/Colette-scaled.jpg 1808w\" sizes=\"auto, (max-width: 723px) 100vw, 723px\" \/><\/figure>\n<\/div>\n\n\n\n<div class=\"wp-block-column is-layout-flow wp-block-column-is-layout-flow\" style=\"flex-basis:66.66%\">\n<p><em>Le festival du cin\u00e9ma allemand PROKINO fait partie depuis plus de 30 ans du paysage culturel vend\u00f4mois et je l\u2019ai fr\u00e9quent\u00e9 d\u00e8s ses d\u00e9buts. C\u2019\u00e9tait et c\u2019est toujours un moment tr\u00e8s attendu. Lorsque Nathalie et Jacques m\u2019ont propos\u00e9 de rejoindre leur \u00e9quipe organisatrice, je n\u2019ai pas h\u00e9sit\u00e9 un instant. C\u2019\u00e9tait en 2010-2011.<br>Participer aux recherches pour \u00e9laborer un nouveau programme chaque ann\u00e9e, s\u2019adressant tant aux scolaires qu\u2019au grand public, est tr\u00e8s stimulant. C\u2019est une mission passionnante et exigeante \u00e0 la fois, qui commence un an en amont du festival&nbsp;: j\u2019y prends beaucoup de plaisir et j\u2019essaie de la remplir au mieux.<br>Lors du festival, les nombreuses rencontres suscitent toujours des \u00e9changes riches et constructifs, ce qui encourage vivement \u00e0 poursuivre cette tr\u00e8s belle aventure.<\/em><\/p>\n<\/div>\n<\/div>\n<\/div><\/div>\n\n\n\n<div class=\"inherit-container-width wp-block-group is-layout-constrained wp-block-group-is-layout-constrained\"><div class=\"wp-block-group__inner-container\">\n<h4 class=\"wp-block-heading\">Logistique: Patrick<strong zn_id=\"57\"> Cheva<\/strong><strong>l<\/strong><strong zn_id=\"57\">lier<\/strong><\/h4>\n\n\n\n<p><\/p>\n\n\n\n<div class=\"wp-block-columns is-layout-flex wp-container-core-columns-is-layout-28f84493 wp-block-columns-is-layout-flex\">\n<div class=\"wp-block-column is-layout-flow wp-block-column-is-layout-flow\" style=\"flex-basis:33.33%\">\n<figure class=\"wp-block-image size-large wp-duotone-unset-2\"><img loading=\"lazy\" decoding=\"async\" width=\"709\" height=\"1024\" src=\"https:\/\/prokino.fr\/wp-content\/uploads\/2022\/11\/Patrick-709x1024.jpg\" alt=\"\" class=\"wp-image-198\" srcset=\"https:\/\/prokino.fr\/wp-content\/uploads\/2022\/11\/Patrick-709x1024.jpg 709w, https:\/\/prokino.fr\/wp-content\/uploads\/2022\/11\/Patrick-208x300.jpg 208w, https:\/\/prokino.fr\/wp-content\/uploads\/2022\/11\/Patrick-768x1109.jpg 768w, https:\/\/prokino.fr\/wp-content\/uploads\/2022\/11\/Patrick-1063x1536.jpg 1063w, https:\/\/prokino.fr\/wp-content\/uploads\/2022\/11\/Patrick-1418x2048.jpg 1418w, https:\/\/prokino.fr\/wp-content\/uploads\/2022\/11\/Patrick-scaled.jpg 1772w\" sizes=\"auto, (max-width: 709px) 100vw, 709px\" \/><\/figure>\n<\/div>\n\n\n\n<div class=\"wp-block-column is-layout-flow wp-block-column-is-layout-flow\" style=\"flex-basis:66.66%\">\n<p><em>Apr\u00e8s avoir \u00e9t\u00e9 spectateur assidu du festival du cin\u00e9ma allemand Prokino, il m\u2019a paru normal d\u2019aider l\u2019association, modestement tout d\u2019abord puis de fa\u00e7on plus importante en rejoignant le conseil d\u2019administration.<br>C\u2019est comme cela que l\u2019on comprend que Prokino ne dure qu\u2019une semaine mais que sa pr\u00e9paration demande un travail assidu un an \u00e0 l\u2019avance. Par exemple le choix des films est parfois compliqu\u00e9 car il ne suffit pas de les s\u00e9lectionner, il faut d\u2019abord obtenir le droit de les diffuser, ensuite organiser leur projection durant le festival.<br>L\u2019\u00e9pid\u00e9mie de la Covid a h\u00e9las perturb\u00e9 l\u2019organisation 2 ann\u00e9es durant mais d\u00e8s 2021 l\u2019\u00e9quipe a repris avec enthousiasme et conviction ses activit\u00e9s.<\/em><\/p>\n<\/div>\n<\/div>\n<\/div><\/div>\n\n\n\n<div class=\"inherit-container-width wp-block-group is-layout-constrained wp-block-group-is-layout-constrained\"><div class=\"wp-block-group__inner-container\">\n<h4 class=\"wp-block-heading\">Conseil technique: Rapha\u00ebl<strong> Barbosa<\/strong><\/h4>\n\n\n\n<p><\/p>\n\n\n\n<div class=\"wp-block-columns is-layout-flex wp-container-core-columns-is-layout-28f84493 wp-block-columns-is-layout-flex\">\n<div class=\"wp-block-column is-vertically-aligned-top is-layout-flow wp-block-column-is-layout-flow\" style=\"flex-basis:33.33%\">\n<figure class=\"wp-block-image size-full wp-duotone-unset-3\"><img loading=\"lazy\" decoding=\"async\" width=\"534\" height=\"589\" src=\"http:\/\/prokino.fr\/wp-content\/uploads\/2023\/09\/raphael_barbosa01.png\" alt=\"\" class=\"wp-image-242\" srcset=\"https:\/\/prokino.fr\/wp-content\/uploads\/2023\/09\/raphael_barbosa01.png 534w, https:\/\/prokino.fr\/wp-content\/uploads\/2023\/09\/raphael_barbosa01-272x300.png 272w\" sizes=\"auto, (max-width: 534px) 100vw, 534px\" \/><\/figure>\n<\/div>\n\n\n\n<div class=\"wp-block-column is-layout-flow wp-block-column-is-layout-flow\" style=\"flex-basis:66.66%\">\n<p><em>J\u2019ai d\u00e9couvert Prokino lors de l\u2019entr\u00e9e au lyc\u00e9e de ma fille a\u00een\u00e9e et j\u2019ai assist\u00e9, avec elle, \u00e0 une projection en soir\u00e9e. Depuis, j\u2019assiste r\u00e9guli\u00e8rement aux projections.<br>J\u2019ai fait la connaissance de Nathalie dans le cadre professionnel puis de Jacques et Paulette \u00e0 l\u2019occasion d\u2019un \u00e9change franco-allemand. Nous avons sympathis\u00e9.<br>J\u2019ai continu\u00e9 \u00e0 suivre Prokino en adh\u00e9rant \u00e0 l\u2019association. J\u2019ai profit\u00e9 de mon passage \u00e0 la retraite pour proposer ma participation plus active dans la diffusion des affiches et documents et pour l\u2019accueil des groupes scolaires. Suite \u00e0 cette premi\u00e8re ann\u00e9e d\u2019investissement, Nathalie m\u2019a propos\u00e9 de rejoindre le conseil d\u2019administration. C\u2019est avec plaisir que j\u2019ai accept\u00e9.<\/em><\/p>\n<\/div>\n<\/div>\n<\/div><\/div>\n\n\n\n<div class=\"inherit-container-width wp-block-group is-layout-constrained wp-block-group-is-layout-constrained\"><div class=\"wp-block-group__inner-container\">\n<h4 class=\"wp-block-heading\">Graphisme: Sarah Jourdren<\/h4>\n\n\n\n<p><\/p>\n\n\n\n<div class=\"wp-block-columns is-layout-flex wp-container-core-columns-is-layout-28f84493 wp-block-columns-is-layout-flex\">\n<div class=\"wp-block-column is-layout-flow wp-block-column-is-layout-flow\" style=\"flex-basis:33.33%\">\n<figure class=\"wp-block-image size-large wp-duotone-unset-4\"><img loading=\"lazy\" decoding=\"async\" width=\"769\" height=\"1024\" src=\"https:\/\/prokino.fr\/wp-content\/uploads\/2022\/11\/photo-Sarah-769x1024.jpg\" alt=\"\" class=\"wp-image-211\" srcset=\"https:\/\/prokino.fr\/wp-content\/uploads\/2022\/11\/photo-Sarah-769x1024.jpg 769w, https:\/\/prokino.fr\/wp-content\/uploads\/2022\/11\/photo-Sarah-225x300.jpg 225w, https:\/\/prokino.fr\/wp-content\/uploads\/2022\/11\/photo-Sarah-768x1023.jpg 768w, https:\/\/prokino.fr\/wp-content\/uploads\/2022\/11\/photo-Sarah-1154x1536.jpg 1154w, https:\/\/prokino.fr\/wp-content\/uploads\/2022\/11\/photo-Sarah.jpg 1457w\" sizes=\"auto, (max-width: 769px) 100vw, 769px\" \/><\/figure>\n<\/div>\n\n\n\n<div class=\"wp-block-column is-layout-flow wp-block-column-is-layout-flow\" style=\"flex-basis:66.66%\">\n<p><\/p>\n<\/div>\n<\/div>\n<\/div><\/div>\n\n\n\n<div class=\"inherit-container-width wp-block-group is-layout-constrained wp-block-group-is-layout-constrained\"><div class=\"wp-block-group__inner-container\">\n<h4 class=\"wp-block-heading\">R\u00e9alisation du site: Rozenn et Jean-Fran\u00e7ois Jestin<\/h4>\n\n\n\n<p><\/p>\n\n\n\n<div class=\"wp-block-columns is-layout-flex wp-container-core-columns-is-layout-28f84493 wp-block-columns-is-layout-flex\">\n<div class=\"wp-block-column is-layout-flow wp-block-column-is-layout-flow\" style=\"flex-basis:33.33%\">\n<figure class=\"wp-block-image size-large wp-duotone-unset-5\"><img loading=\"lazy\" decoding=\"async\" width=\"1024\" height=\"769\" src=\"https:\/\/prokino.fr\/wp-content\/uploads\/2022\/11\/IMG-2001-1024x769.jpg\" alt=\"\" class=\"wp-image-220\" srcset=\"https:\/\/prokino.fr\/wp-content\/uploads\/2022\/11\/IMG-2001-1024x769.jpg 1024w, https:\/\/prokino.fr\/wp-content\/uploads\/2022\/11\/IMG-2001-300x225.jpg 300w, https:\/\/prokino.fr\/wp-content\/uploads\/2022\/11\/IMG-2001-768x577.jpg 768w, https:\/\/prokino.fr\/wp-content\/uploads\/2022\/11\/IMG-2001-1536x1154.jpg 1536w, https:\/\/prokino.fr\/wp-content\/uploads\/2022\/11\/IMG-2001-2048x1539.jpg 2048w\" sizes=\"auto, (max-width: 1024px) 100vw, 1024px\" \/><\/figure>\n<\/div>\n\n\n\n<div class=\"wp-block-column is-layout-flow wp-block-column-is-layout-flow\" style=\"flex-basis:66.66%\">\n<p><em>L&#8217;aventure Prokino a commenc\u00e9 pour nous en 1998, lorsque  j&#8217;ai eu la chance d&#8217;\u00eatre mut\u00e9e pour mon stage de professeur d&#8217;allemand au lyc\u00e9e Ronsard \u00e0 Vend\u00f4me. Je d\u00e9couvrais \u00e0 la fois le Loir-et-Cher, une \u00e9quipe de professeurs d&#8217;allemand tr\u00e8s accueillants et motivants et un festival de cin\u00e9ma allemand! Apr\u00e8s avoir mont\u00e9 un projet de cr\u00e9ation de site web avec les \u00e9l\u00e8ves , celui du festival Prokino, dans le cadre de ma formation,  nous n&#8217;avons jamais cess\u00e9 d&#8217;alimenter le site depuis la Bretagne o\u00f9 nous r\u00e9sidons d\u00e9sormais&#8230;<\/em><\/p>\n<\/div>\n<\/div>\n<\/div><\/div>\n\n\n\n<div class=\"inherit-container-width wp-block-group is-layout-constrained wp-block-group-is-layout-constrained\"><div class=\"wp-block-group__inner-container\">\n<h4 class=\"wp-block-heading\">Traduction\/Sous-titrage en live :&nbsp;<strong>Nad\u00e8ge Moulineau<\/strong> <\/h4>\n\n\n\n<p><\/p>\n\n\n\n<div class=\"wp-block-columns is-layout-flex wp-container-core-columns-is-layout-28f84493 wp-block-columns-is-layout-flex\">\n<div class=\"wp-block-column is-layout-flow wp-block-column-is-layout-flow\" style=\"flex-basis:33.33%\">\n<figure class=\"wp-block-image size-large wp-duotone-unset-6\"><img loading=\"lazy\" decoding=\"async\" width=\"638\" height=\"1024\" src=\"https:\/\/prokino.fr\/wp-content\/uploads\/2022\/11\/Nadege-638x1024.jpg\" alt=\"\" class=\"wp-image-221\" srcset=\"https:\/\/prokino.fr\/wp-content\/uploads\/2022\/11\/Nadege-638x1024.jpg 638w, https:\/\/prokino.fr\/wp-content\/uploads\/2022\/11\/Nadege-187x300.jpg 187w, https:\/\/prokino.fr\/wp-content\/uploads\/2022\/11\/Nadege-768x1233.jpg 768w, https:\/\/prokino.fr\/wp-content\/uploads\/2022\/11\/Nadege-956x1536.jpg 956w, https:\/\/prokino.fr\/wp-content\/uploads\/2022\/11\/Nadege-1275x2048.jpg 1275w, https:\/\/prokino.fr\/wp-content\/uploads\/2022\/11\/Nadege.jpg 1330w\" sizes=\"auto, (max-width: 638px) 100vw, 638px\" \/><\/figure>\n<\/div>\n\n\n\n<div class=\"wp-block-column is-layout-flow wp-block-column-is-layout-flow\" style=\"flex-basis:66.66%\">\n<p><\/p>\n<\/div>\n<\/div>\n<\/div><\/div>\n\n\n\n<p><\/p>\n","protected":false},"excerpt":{"rendered":"<p>Pr\u00e9sident fondateur: Jacques Burlaud Pr\u00e9sidente: Nathalie Burlaud-Gautier Apr\u00e8s avoir port\u00e9 pendant pr\u00e8s de trente ans le projet de Prokino, \u00ab&nbsp;sans Coca Cola d\u00e9voreur de cerveaux, sans pop corns \u00e0 d\u00e9vorer en s\u00e9ance, sans c\u00e9der aux sir\u00e8nes d\u00e9voreuses de salles ou de villes voisines qui draguaient l\u2019aventure, sans renoncer \u00e0 l\u2019exigence extr\u00eame de la qualit\u00e9, sans [&hellip;]<\/p>\n","protected":false},"author":1,"featured_media":0,"parent":0,"menu_order":0,"comment_status":"closed","ping_status":"closed","template":"","meta":{"site-sidebar-layout":"default","site-content-layout":"","ast-site-content-layout":"default","site-content-style":"default","site-sidebar-style":"default","ast-global-header-display":"","ast-banner-title-visibility":"","ast-main-header-display":"","ast-hfb-above-header-display":"","ast-hfb-below-header-display":"","ast-hfb-mobile-header-display":"","site-post-title":"","ast-breadcrumbs-content":"","ast-featured-img":"","footer-sml-layout":"","theme-transparent-header-meta":"","adv-header-id-meta":"","stick-header-meta":"","header-above-stick-meta":"","header-main-stick-meta":"","header-below-stick-meta":"","astra-migrate-meta-layouts":"default","ast-page-background-enabled":"default","ast-page-background-meta":{"desktop":{"background-color":"var(--ast-global-color-4)","background-image":"","background-repeat":"repeat","background-position":"center center","background-size":"auto","background-attachment":"scroll","background-type":"","background-media":"","overlay-type":"","overlay-color":"","overlay-opacity":"","overlay-gradient":""},"tablet":{"background-color":"","background-image":"","background-repeat":"repeat","background-position":"center center","background-size":"auto","background-attachment":"scroll","background-type":"","background-media":"","overlay-type":"","overlay-color":"","overlay-opacity":"","overlay-gradient":""},"mobile":{"background-color":"","background-image":"","background-repeat":"repeat","background-position":"center center","background-size":"auto","background-attachment":"scroll","background-type":"","background-media":"","overlay-type":"","overlay-color":"","overlay-opacity":"","overlay-gradient":""}},"ast-content-background-meta":{"desktop":{"background-color":"var(--ast-global-color-5)","background-image":"","background-repeat":"repeat","background-position":"center center","background-size":"auto","background-attachment":"scroll","background-type":"","background-media":"","overlay-type":"","overlay-color":"","overlay-opacity":"","overlay-gradient":""},"tablet":{"background-color":"var(--ast-global-color-5)","background-image":"","background-repeat":"repeat","background-position":"center center","background-size":"auto","background-attachment":"scroll","background-type":"","background-media":"","overlay-type":"","overlay-color":"","overlay-opacity":"","overlay-gradient":""},"mobile":{"background-color":"var(--ast-global-color-5)","background-image":"","background-repeat":"repeat","background-position":"center center","background-size":"auto","background-attachment":"scroll","background-type":"","background-media":"","overlay-type":"","overlay-color":"","overlay-opacity":"","overlay-gradient":""}},"footnotes":""},"class_list":["post-143","page","type-page","status-publish","hentry"],"_links":{"self":[{"href":"https:\/\/prokino.fr\/index.php?rest_route=\/wp\/v2\/pages\/143","targetHints":{"allow":["GET"]}}],"collection":[{"href":"https:\/\/prokino.fr\/index.php?rest_route=\/wp\/v2\/pages"}],"about":[{"href":"https:\/\/prokino.fr\/index.php?rest_route=\/wp\/v2\/types\/page"}],"author":[{"embeddable":true,"href":"https:\/\/prokino.fr\/index.php?rest_route=\/wp\/v2\/users\/1"}],"replies":[{"embeddable":true,"href":"https:\/\/prokino.fr\/index.php?rest_route=%2Fwp%2Fv2%2Fcomments&post=143"}],"version-history":[{"count":17,"href":"https:\/\/prokino.fr\/index.php?rest_route=\/wp\/v2\/pages\/143\/revisions"}],"predecessor-version":[{"id":248,"href":"https:\/\/prokino.fr\/index.php?rest_route=\/wp\/v2\/pages\/143\/revisions\/248"}],"wp:attachment":[{"href":"https:\/\/prokino.fr\/index.php?rest_route=%2Fwp%2Fv2%2Fmedia&parent=143"}],"curies":[{"name":"wp","href":"https:\/\/api.w.org\/{rel}","templated":true}]}}